{"id":2804,"date":"2016-12-19T22:23:22","date_gmt":"2016-12-19T21:23:22","guid":{"rendered":"http:\/\/www.montendre.se\/?page_id=2804"},"modified":"2023-04-15T17:01:08","modified_gmt":"2023-04-15T15:01:08","slug":"badrumsrenovering","status":"publish","type":"page","link":"https:\/\/www.montendre.se\/?page_id=2804","title":{"rendered":"Badrumsrenovering"},"content":{"rendered":"<h3>Juni 2014<\/h3>\n<p>I princip p\u00e5b\u00f6rjades badrumsrenoveringen redan juni 2014 med att Thomas och jag rev de gamla duschv\u00e4ggarna i badrummet.<\/p>\n<p><a href=\"https:\/\/www.montendre.se\/wp-content\/uploads\/2014\/06\/IMG_3098.jpg\"><img loading=\"lazy\" decoding=\"async\" class=\"aligncenter size-medium wp-image-1259\" src=\"https:\/\/www.montendre.se\/wp-content\/uploads\/2014\/06\/IMG_3098-225x300.jpg\" alt=\"IMG_3098\" width=\"225\" height=\"300\" srcset=\"https:\/\/www.montendre.se\/wp-content\/uploads\/2014\/06\/IMG_3098-225x300.jpg 225w, https:\/\/www.montendre.se\/wp-content\/uploads\/2014\/06\/IMG_3098.jpg 480w\" sizes=\"(max-width: 225px) 100vw, 225px\" \/><\/a><\/p>\n<h3>Augusti 2015<\/h3>\n<p>Sedan blev det en paus till augusti n\u00e4sta sommar d\u00e5 jag rev en annan v\u00e4gg och b\u00f6rjade ta bort gamla korkmattor osv.<\/p>\n<p><a href=\"https:\/\/www.montendre.se\/wp-content\/uploads\/2016\/12\/IMG_7080.jpg\"><img loading=\"lazy\" decoding=\"async\" class=\"aligncenter size-medium wp-image-2805\" src=\"https:\/\/www.montendre.se\/wp-content\/uploads\/2016\/12\/IMG_7080-300x225.jpg\" alt=\"IMG_7080\" width=\"300\" height=\"225\" srcset=\"https:\/\/www.montendre.se\/wp-content\/uploads\/2016\/12\/IMG_7080-300x225.jpg 300w, https:\/\/www.montendre.se\/wp-content\/uploads\/2016\/12\/IMG_7080-268x200.jpg 268w, https:\/\/www.montendre.se\/wp-content\/uploads\/2016\/12\/IMG_7080.jpg 640w\" sizes=\"(max-width: 300px) 100vw, 300px\" \/><\/a><\/p>\n<p>D\u00e5 tog vi \u00e4ven dit r\u00f6rmokaren som plockade bort gamla r\u00f6r och flyttade avloppet f\u00f6r toan mm. Jag behandlade gamla tr\u00e4golvet mot tr\u00e4mask.<\/p>\n<h3><a href=\"https:\/\/www.montendre.se\/wp-content\/uploads\/2015\/09\/IMG_3804.jpg\"><img loading=\"lazy\" decoding=\"async\" class=\"aligncenter size-medium wp-image-2010\" src=\"https:\/\/www.montendre.se\/wp-content\/uploads\/2015\/09\/IMG_3804-300x225.jpg\" alt=\"IMG_3804\" width=\"300\" height=\"225\" srcset=\"https:\/\/www.montendre.se\/wp-content\/uploads\/2015\/09\/IMG_3804-300x225.jpg 300w, https:\/\/www.montendre.se\/wp-content\/uploads\/2015\/09\/IMG_3804-268x200.jpg 268w, https:\/\/www.montendre.se\/wp-content\/uploads\/2015\/09\/IMG_3804.jpg 640w\" sizes=\"(max-width: 300px) 100vw, 300px\" \/><\/a>November 2015<\/h3>\n<p>Nu la jag p\u00e5 18 mm plywoodskivor p\u00e5 gamla tr\u00e4golvet f\u00f6r att j\u00e4mna ut det och g\u00f6ra det stadigare. De skruvades fast var 15 cm (cirka 500 skruvar).<\/p>\n<p><a href=\"https:\/\/www.montendre.se\/wp-content\/uploads\/2016\/12\/IMG_3894-1.jpg\"><img loading=\"lazy\" decoding=\"async\" class=\"aligncenter size-medium wp-image-2806\" src=\"https:\/\/www.montendre.se\/wp-content\/uploads\/2016\/12\/IMG_3894-1-300x225.jpg\" alt=\"IMG_3894 (1)\" width=\"300\" height=\"225\" srcset=\"https:\/\/www.montendre.se\/wp-content\/uploads\/2016\/12\/IMG_3894-1-300x225.jpg 300w, https:\/\/www.montendre.se\/wp-content\/uploads\/2016\/12\/IMG_3894-1-268x200.jpg 268w, https:\/\/www.montendre.se\/wp-content\/uploads\/2016\/12\/IMG_3894-1.jpg 640w\" sizes=\"(max-width: 300px) 100vw, 300px\" \/><\/a><\/p>\n<p>Jag b\u00f6rjade \u00e4ven leta efter reglar i taket f\u00f6r att f\u00e4sta st\u00e5lreglarna i. Bl\u00e5 tejp markerar regel i taket.<\/p>\n<p><a href=\"https:\/\/www.montendre.se\/wp-content\/uploads\/2015\/11\/IMG_3921.jpg\"><img loading=\"lazy\" decoding=\"async\" class=\"aligncenter size-medium wp-image-2086\" src=\"https:\/\/www.montendre.se\/wp-content\/uploads\/2015\/11\/IMG_3921-300x300.jpg\" alt=\"IMG_3921\" width=\"300\" height=\"300\" srcset=\"https:\/\/www.montendre.se\/wp-content\/uploads\/2015\/11\/IMG_3921-300x300.jpg 300w, https:\/\/www.montendre.se\/wp-content\/uploads\/2015\/11\/IMG_3921-150x150.jpg 150w, https:\/\/www.montendre.se\/wp-content\/uploads\/2015\/11\/IMG_3921-100x100.jpg 100w, https:\/\/www.montendre.se\/wp-content\/uploads\/2015\/11\/IMG_3921.jpg 640w\" sizes=\"(max-width: 300px) 100vw, 300px\" \/><\/a><\/p>\n<h3>Januari 2016<\/h3>\n<p>B\u00f6rjade skruva upp nya reglar i taket eftersom de befintliga satt v\u00e4ldigt glest och passade inte f\u00f6r att skruva upp st\u00e5lreglar i.<\/p>\n<p><a href=\"https:\/\/www.montendre.se\/wp-content\/uploads\/2016\/01\/IMG_4025.jpg\"><img loading=\"lazy\" decoding=\"async\" class=\"aligncenter size-medium wp-image-2161\" src=\"https:\/\/www.montendre.se\/wp-content\/uploads\/2016\/01\/IMG_4025-300x225.jpg\" alt=\"IMG_4025\" width=\"300\" height=\"225\" srcset=\"https:\/\/www.montendre.se\/wp-content\/uploads\/2016\/01\/IMG_4025-300x225.jpg 300w, https:\/\/www.montendre.se\/wp-content\/uploads\/2016\/01\/IMG_4025-268x200.jpg 268w, https:\/\/www.montendre.se\/wp-content\/uploads\/2016\/01\/IMG_4025.jpg 640w\" sizes=\"(max-width: 300px) 100vw, 300px\" \/><\/a><\/p>\n<h3>Februari 2016<\/h3>\n<p>Skruvade upp resten av nya takreglarna. Fick l\u00e4gga m\u00e5nga pallbrickor f\u00f6r att kompensera f\u00f6r oj\u00e4mnt tak.<\/p>\n<p><a href=\"https:\/\/www.montendre.se\/wp-content\/uploads\/2016\/12\/IMG_4060.jpg\"><img loading=\"lazy\" decoding=\"async\" class=\"aligncenter size-medium wp-image-2810\" src=\"https:\/\/www.montendre.se\/wp-content\/uploads\/2016\/12\/IMG_4060-300x225.jpg\" alt=\"IMG_4060\" width=\"300\" height=\"225\" srcset=\"https:\/\/www.montendre.se\/wp-content\/uploads\/2016\/12\/IMG_4060-300x225.jpg 300w, https:\/\/www.montendre.se\/wp-content\/uploads\/2016\/12\/IMG_4060-268x200.jpg 268w, https:\/\/www.montendre.se\/wp-content\/uploads\/2016\/12\/IMG_4060.jpg 640w\" sizes=\"(max-width: 300px) 100vw, 300px\" \/><\/a>B\u00f6rjade skruva fast alla st\u00e5lreglarna i golv och tak och sedan v\u00e4ggreglarna.<\/p>\n<h3><a href=\"https:\/\/www.montendre.se\/wp-content\/uploads\/2016\/02\/IMG_4079.jpg\"><img loading=\"lazy\" decoding=\"async\" class=\"aligncenter size-medium wp-image-2212\" src=\"https:\/\/www.montendre.se\/wp-content\/uploads\/2016\/02\/IMG_4079-300x225.jpg\" alt=\"IMG_4079\" width=\"300\" height=\"225\" srcset=\"https:\/\/www.montendre.se\/wp-content\/uploads\/2016\/02\/IMG_4079-300x225.jpg 300w, https:\/\/www.montendre.se\/wp-content\/uploads\/2016\/02\/IMG_4079-268x200.jpg 268w, https:\/\/www.montendre.se\/wp-content\/uploads\/2016\/02\/IMG_4079.jpg 640w\" sizes=\"(max-width: 300px) 100vw, 300px\" \/><\/a>April 2016<\/h3>\n<p>B\u00f6rjade skruva upp 13 mm plyfaskivor p\u00e5 reglarna.<\/p>\n<p><a href=\"https:\/\/www.montendre.se\/wp-content\/uploads\/2016\/12\/IMG_4116.jpg\"><img loading=\"lazy\" decoding=\"async\" class=\"aligncenter size-medium wp-image-2811\" src=\"https:\/\/www.montendre.se\/wp-content\/uploads\/2016\/12\/IMG_4116-225x300.jpg\" alt=\"IMG_4116\" width=\"225\" height=\"300\" srcset=\"https:\/\/www.montendre.se\/wp-content\/uploads\/2016\/12\/IMG_4116-225x300.jpg 225w, https:\/\/www.montendre.se\/wp-content\/uploads\/2016\/12\/IMG_4116.jpg 480w\" sizes=\"(max-width: 225px) 100vw, 225px\" \/><\/a><\/p>\n<p>Hade r\u00f6rmokaren p\u00e5 bes\u00f6k som f\u00f6rberedde vattenledningarna.<\/p>\n<p><a href=\"https:\/\/www.montendre.se\/wp-content\/uploads\/2016\/04\/IMG_4161.jpg\"><img loading=\"lazy\" decoding=\"async\" class=\"size-medium wp-image-2270 aligncenter\" src=\"https:\/\/www.montendre.se\/wp-content\/uploads\/2016\/04\/IMG_4161-300x225.jpg\" alt=\"IMG_4161\" width=\"300\" height=\"225\" srcset=\"https:\/\/www.montendre.se\/wp-content\/uploads\/2016\/04\/IMG_4161-300x225.jpg 300w, https:\/\/www.montendre.se\/wp-content\/uploads\/2016\/04\/IMG_4161-268x200.jpg 268w, https:\/\/www.montendre.se\/wp-content\/uploads\/2016\/04\/IMG_4161.jpg 640w\" sizes=\"(max-width: 300px) 100vw, 300px\" \/><\/a> <a href=\"https:\/\/www.montendre.se\/wp-content\/uploads\/2016\/04\/IMG_4164.jpg\"><img loading=\"lazy\" decoding=\"async\" class=\"size-medium wp-image-2272 aligncenter\" src=\"https:\/\/www.montendre.se\/wp-content\/uploads\/2016\/04\/IMG_4164-225x300.jpg\" alt=\"IMG_4164\" width=\"225\" height=\"300\" srcset=\"https:\/\/www.montendre.se\/wp-content\/uploads\/2016\/04\/IMG_4164-225x300.jpg 225w, https:\/\/www.montendre.se\/wp-content\/uploads\/2016\/04\/IMG_4164.jpg 480w\" sizes=\"(max-width: 225px) 100vw, 225px\" \/><\/a> <a href=\"https:\/\/www.montendre.se\/wp-content\/uploads\/2016\/04\/IMG_4162.jpg\"><img loading=\"lazy\" decoding=\"async\" class=\"size-medium wp-image-2271 aligncenter\" src=\"https:\/\/www.montendre.se\/wp-content\/uploads\/2016\/04\/IMG_4162-300x225.jpg\" alt=\"IMG_4162\" width=\"300\" height=\"225\" srcset=\"https:\/\/www.montendre.se\/wp-content\/uploads\/2016\/04\/IMG_4162-300x225.jpg 300w, https:\/\/www.montendre.se\/wp-content\/uploads\/2016\/04\/IMG_4162-268x200.jpg 268w, https:\/\/www.montendre.se\/wp-content\/uploads\/2016\/04\/IMG_4162.jpg 640w\" sizes=\"(max-width: 300px) 100vw, 300px\" \/><\/a><\/p>\n<h3>Maj 2016<\/h3>\n<p>B\u00f6rjade dra el och skruvade klart all plyfa och sedan 13 mm gipsskivor (en del vanliga en del vattent\u00e5liga). \u00c4ndrade \u00e4ven regelavst\u00e5ndet till 30 cm f\u00f6r hallv\u00e4ggen d\u00e4r det ska vara helkaklat.<\/p>\n<h3><a href=\"https:\/\/www.montendre.se\/wp-content\/uploads\/2016\/12\/IMG_4196.jpg\"><img loading=\"lazy\" decoding=\"async\" class=\"size-medium wp-image-2812 aligncenter\" src=\"https:\/\/www.montendre.se\/wp-content\/uploads\/2016\/12\/IMG_4196-300x300.jpg\" alt=\"IMG_4196\" width=\"300\" height=\"300\" srcset=\"https:\/\/www.montendre.se\/wp-content\/uploads\/2016\/12\/IMG_4196-300x300.jpg 300w, https:\/\/www.montendre.se\/wp-content\/uploads\/2016\/12\/IMG_4196-150x150.jpg 150w, https:\/\/www.montendre.se\/wp-content\/uploads\/2016\/12\/IMG_4196-100x100.jpg 100w, https:\/\/www.montendre.se\/wp-content\/uploads\/2016\/12\/IMG_4196.jpg 640w\" sizes=\"(max-width: 300px) 100vw, 300px\" \/><\/a><a href=\"https:\/\/www.montendre.se\/wp-content\/uploads\/2016\/05\/IMG_4236.jpg\"><img loading=\"lazy\" decoding=\"async\" class=\"aligncenter size-medium wp-image-2321\" src=\"https:\/\/www.montendre.se\/wp-content\/uploads\/2016\/05\/IMG_4236-225x300.jpg\" alt=\"IMG_4236\" width=\"225\" height=\"300\" srcset=\"https:\/\/www.montendre.se\/wp-content\/uploads\/2016\/05\/IMG_4236-225x300.jpg 225w, https:\/\/www.montendre.se\/wp-content\/uploads\/2016\/05\/IMG_4236.jpg 480w\" sizes=\"(max-width: 225px) 100vw, 225px\" \/><\/a>Juni 2016<\/h3>\n<p>Spacklade gipsskivorna.<\/p>\n<p><a href=\"https:\/\/www.montendre.se\/wp-content\/uploads\/2016\/12\/IMG_4362.jpg\"><img loading=\"lazy\" decoding=\"async\" class=\"aligncenter size-medium wp-image-2815\" src=\"https:\/\/www.montendre.se\/wp-content\/uploads\/2016\/12\/IMG_4362-225x300.jpg\" alt=\"IMG_4362\" width=\"225\" height=\"300\" srcset=\"https:\/\/www.montendre.se\/wp-content\/uploads\/2016\/12\/IMG_4362-225x300.jpg 225w, https:\/\/www.montendre.se\/wp-content\/uploads\/2016\/12\/IMG_4362.jpg 480w\" sizes=\"(max-width: 225px) 100vw, 225px\" \/><\/a><\/p>\n<h3>Augusti 2016<\/h3>\n<p>Bytte ut en hel del plank p\u00e5 vinden ovanf\u00f6r badrummet.<\/p>\n<p><a href=\"https:\/\/www.montendre.se\/wp-content\/uploads\/2016\/08\/IMG_4413.jpg\"><img loading=\"lazy\" decoding=\"async\" class=\"aligncenter size-medium wp-image-2401\" src=\"https:\/\/www.montendre.se\/wp-content\/uploads\/2016\/08\/IMG_4413-300x225.jpg\" alt=\"IMG_4413\" width=\"300\" height=\"225\" srcset=\"https:\/\/www.montendre.se\/wp-content\/uploads\/2016\/08\/IMG_4413-300x225.jpg 300w, https:\/\/www.montendre.se\/wp-content\/uploads\/2016\/08\/IMG_4413-268x200.jpg 268w, https:\/\/www.montendre.se\/wp-content\/uploads\/2016\/08\/IMG_4413.jpg 640w\" sizes=\"(max-width: 300px) 100vw, 300px\" \/><\/a><\/p>\n<p>R\u00f6rmokaren fixade avlopp till duschen.<\/p>\n<p><a href=\"https:\/\/www.montendre.se\/wp-content\/uploads\/2016\/09\/IMG_4547.jpg\"><img loading=\"lazy\" decoding=\"async\" class=\"aligncenter size-medium wp-image-2552\" src=\"https:\/\/www.montendre.se\/wp-content\/uploads\/2016\/09\/IMG_4547-300x225.jpg\" alt=\"IMG_4547\" width=\"300\" height=\"225\" srcset=\"https:\/\/www.montendre.se\/wp-content\/uploads\/2016\/09\/IMG_4547-300x225.jpg 300w, https:\/\/www.montendre.se\/wp-content\/uploads\/2016\/09\/IMG_4547-268x200.jpg 268w, https:\/\/www.montendre.se\/wp-content\/uploads\/2016\/09\/IMG_4547.jpg 640w\" sizes=\"(max-width: 300px) 100vw, 300px\" \/><\/a><\/p>\n<p>Fixade till skarven mellan nya innerv\u00e4ggarna och befintliga v\u00e4ggar.<\/p>\n<p><a href=\"https:\/\/www.montendre.se\/wp-content\/uploads\/2016\/08\/IMG_4488.jpg\"><img loading=\"lazy\" decoding=\"async\" class=\"aligncenter size-medium wp-image-2473\" src=\"https:\/\/www.montendre.se\/wp-content\/uploads\/2016\/08\/IMG_4488-225x300.jpg\" alt=\"IMG_4488\" width=\"225\" height=\"300\" srcset=\"https:\/\/www.montendre.se\/wp-content\/uploads\/2016\/08\/IMG_4488-225x300.jpg 225w, https:\/\/www.montendre.se\/wp-content\/uploads\/2016\/08\/IMG_4488.jpg 480w\" sizes=\"(max-width: 225px) 100vw, 225px\" \/><\/a>Jag flytspacklade golvet vid utg\u00e5ngen till balkongen f\u00f6r att senare kunna l\u00e4gga klinker \u00e4nda ut till d\u00f6rren.<\/p>\n<p><a href=\"https:\/\/www.montendre.se\/wp-content\/uploads\/2016\/12\/IMG_4563.jpg\"><img loading=\"lazy\" decoding=\"async\" class=\"aligncenter size-medium wp-image-2816\" src=\"https:\/\/www.montendre.se\/wp-content\/uploads\/2016\/12\/IMG_4563-300x225.jpg\" alt=\"IMG_4563\" width=\"300\" height=\"225\" srcset=\"https:\/\/www.montendre.se\/wp-content\/uploads\/2016\/12\/IMG_4563-300x225.jpg 300w, https:\/\/www.montendre.se\/wp-content\/uploads\/2016\/12\/IMG_4563-268x200.jpg 268w, https:\/\/www.montendre.se\/wp-content\/uploads\/2016\/12\/IMG_4563.jpg 640w\" sizes=\"(max-width: 300px) 100vw, 300px\" \/><\/a><\/p>\n<h3>Oktober 2016<\/h3>\n<p>La t\u00e4tskikt p\u00e5 golvet.<\/p>\n<p><a href=\"https:\/\/www.montendre.se\/wp-content\/uploads\/2016\/12\/IMG_4605.jpg\"><img loading=\"lazy\" decoding=\"async\" class=\"aligncenter size-medium wp-image-2817\" src=\"https:\/\/www.montendre.se\/wp-content\/uploads\/2016\/12\/IMG_4605-300x225.jpg\" alt=\"IMG_4605\" width=\"300\" height=\"225\" srcset=\"https:\/\/www.montendre.se\/wp-content\/uploads\/2016\/12\/IMG_4605-300x225.jpg 300w, https:\/\/www.montendre.se\/wp-content\/uploads\/2016\/12\/IMG_4605-268x200.jpg 268w, https:\/\/www.montendre.se\/wp-content\/uploads\/2016\/12\/IMG_4605.jpg 640w\" sizes=\"(max-width: 300px) 100vw, 300px\" \/><\/a><\/p>\n<p>Klinkrade huvudm\u00f6nstret p\u00e5 golvet.<\/p>\n<p><a href=\"https:\/\/www.montendre.se\/wp-content\/uploads\/2016\/10\/IMG_4635.jpg\"><img loading=\"lazy\" decoding=\"async\" class=\"aligncenter size-medium wp-image-2633\" src=\"https:\/\/www.montendre.se\/wp-content\/uploads\/2016\/10\/IMG_4635-300x225.jpg\" alt=\"IMG_4635\" width=\"300\" height=\"225\" srcset=\"https:\/\/www.montendre.se\/wp-content\/uploads\/2016\/10\/IMG_4635-300x225.jpg 300w, https:\/\/www.montendre.se\/wp-content\/uploads\/2016\/10\/IMG_4635-268x200.jpg 268w, https:\/\/www.montendre.se\/wp-content\/uploads\/2016\/10\/IMG_4635.jpg 640w\" sizes=\"(max-width: 300px) 100vw, 300px\" \/><\/a><\/p>\n<h3>November 2016<\/h3>\n<p>Klinkrade b\u00e5rden p\u00e5 golvet och fixade t\u00e4tskikt p\u00e5 v\u00e4ggarna.<\/p>\n<h3><a href=\"https:\/\/www.montendre.se\/wp-content\/uploads\/2016\/12\/IMG_4715.jpg\"><img loading=\"lazy\" decoding=\"async\" class=\"aligncenter size-medium wp-image-2818\" src=\"https:\/\/www.montendre.se\/wp-content\/uploads\/2016\/12\/IMG_4715-225x300.jpg\" alt=\"IMG_4715\" width=\"225\" height=\"300\" srcset=\"https:\/\/www.montendre.se\/wp-content\/uploads\/2016\/12\/IMG_4715-225x300.jpg 225w, https:\/\/www.montendre.se\/wp-content\/uploads\/2016\/12\/IMG_4715.jpg 480w\" sizes=\"(max-width: 225px) 100vw, 225px\" \/><\/a>December 2016<\/h3>\n<p>Klinkrade utg\u00e5ng mot balkong.<\/p>\n<p><a href=\"https:\/\/www.montendre.se\/wp-content\/uploads\/2016\/12\/IMG_4730.jpg\"><img loading=\"lazy\" decoding=\"async\" class=\"aligncenter size-medium wp-image-2819\" src=\"https:\/\/www.montendre.se\/wp-content\/uploads\/2016\/12\/IMG_4730-300x225.jpg\" alt=\"IMG_4730\" width=\"300\" height=\"225\" srcset=\"https:\/\/www.montendre.se\/wp-content\/uploads\/2016\/12\/IMG_4730-300x225.jpg 300w, https:\/\/www.montendre.se\/wp-content\/uploads\/2016\/12\/IMG_4730-268x200.jpg 268w, https:\/\/www.montendre.se\/wp-content\/uploads\/2016\/12\/IMG_4730.jpg 640w\" sizes=\"(max-width: 300px) 100vw, 300px\" \/><\/a><\/p>\n<p>La fogmassa och testade kakla p\u00e5 minsta v\u00e4ggen vid toan.<\/p>\n<p><a href=\"https:\/\/www.montendre.se\/wp-content\/uploads\/2016\/12\/IMG_4732.jpg\"><img loading=\"lazy\" decoding=\"async\" class=\"aligncenter size-medium wp-image-2820\" src=\"https:\/\/www.montendre.se\/wp-content\/uploads\/2016\/12\/IMG_4732-300x225.jpg\" alt=\"IMG_4732\" width=\"300\" height=\"225\" srcset=\"https:\/\/www.montendre.se\/wp-content\/uploads\/2016\/12\/IMG_4732-300x225.jpg 300w, https:\/\/www.montendre.se\/wp-content\/uploads\/2016\/12\/IMG_4732-268x200.jpg 268w, https:\/\/www.montendre.se\/wp-content\/uploads\/2016\/12\/IMG_4732.jpg 640w\" sizes=\"(max-width: 300px) 100vw, 300px\" \/><\/a><\/p>\n<p><a href=\"https:\/\/www.montendre.se\/wp-content\/uploads\/2016\/12\/IMG_4764.jpg\"><img loading=\"lazy\" decoding=\"async\" class=\"aligncenter size-medium wp-image-2795\" src=\"https:\/\/www.montendre.se\/wp-content\/uploads\/2016\/12\/IMG_4764-225x300.jpg\" alt=\"IMG_4764\" width=\"225\" height=\"300\" srcset=\"https:\/\/www.montendre.se\/wp-content\/uploads\/2016\/12\/IMG_4764-225x300.jpg 225w, https:\/\/www.montendre.se\/wp-content\/uploads\/2016\/12\/IMG_4764.jpg 480w\" sizes=\"(max-width: 225px) 100vw, 225px\" \/><\/a><\/p>\n<h3>Januari 2017<\/h3>\n<p>Fixade till tr\u00f6skel och klinkers vid tr\u00f6skel ut mot hallen.<\/p>\n<p><a href=\"https:\/\/www.montendre.se\/wp-content\/uploads\/2017\/01\/IMG_4848.jpg\"><img loading=\"lazy\" decoding=\"async\" class=\"aligncenter size-medium wp-image-2864\" src=\"https:\/\/www.montendre.se\/wp-content\/uploads\/2017\/01\/IMG_4848-300x225.jpg\" alt=\"IMG_4848\" width=\"300\" height=\"225\" srcset=\"https:\/\/www.montendre.se\/wp-content\/uploads\/2017\/01\/IMG_4848-300x225.jpg 300w, https:\/\/www.montendre.se\/wp-content\/uploads\/2017\/01\/IMG_4848-268x200.jpg 268w, https:\/\/www.montendre.se\/wp-content\/uploads\/2017\/01\/IMG_4848.jpg 640w\" sizes=\"(max-width: 300px) 100vw, 300px\" \/><\/a><\/p>\n<p>Kaklade v\u00e4ggen bakom handfatet.<\/p>\n<h3><a href=\"https:\/\/www.montendre.se\/wp-content\/uploads\/2017\/01\/IMG_4860.jpg\"><img loading=\"lazy\" decoding=\"async\" class=\"aligncenter size-medium wp-image-2884\" src=\"https:\/\/www.montendre.se\/wp-content\/uploads\/2017\/01\/IMG_4860-300x225.jpg\" alt=\"IMG_4860\" width=\"300\" height=\"225\" srcset=\"https:\/\/www.montendre.se\/wp-content\/uploads\/2017\/01\/IMG_4860-300x225.jpg 300w, https:\/\/www.montendre.se\/wp-content\/uploads\/2017\/01\/IMG_4860-268x200.jpg 268w, https:\/\/www.montendre.se\/wp-content\/uploads\/2017\/01\/IMG_4860.jpg 640w\" sizes=\"(max-width: 300px) 100vw, 300px\" \/><\/a>Februari 2017<\/h3>\n<p>Bygger duschv\u00e4gg.<\/p>\n<p><a href=\"https:\/\/www.montendre.se\/wp-content\/uploads\/2016\/12\/IMG_4930.jpg\"><img loading=\"lazy\" decoding=\"async\" class=\"aligncenter size-medium wp-image-2942\" src=\"https:\/\/www.montendre.se\/wp-content\/uploads\/2016\/12\/IMG_4930-225x300.jpg\" alt=\"IMG_4930\" width=\"225\" height=\"300\" srcset=\"https:\/\/www.montendre.se\/wp-content\/uploads\/2016\/12\/IMG_4930-225x300.jpg 225w, https:\/\/www.montendre.se\/wp-content\/uploads\/2016\/12\/IMG_4930.jpg 480w\" sizes=\"(max-width: 225px) 100vw, 225px\" \/><\/a><\/p>\n<h3>April 2017<\/h3>\n<p>F\u00f6rst\u00e4rker kanten p\u00e5 duschv\u00e4ggen och b\u00f6rjar kakla toalettutrymmet.<\/p>\n<p><a href=\"https:\/\/www.montendre.se\/wp-content\/uploads\/2017\/04\/IMG_5002-1.jpg\"><img loading=\"lazy\" decoding=\"async\" class=\"aligncenter size-medium wp-image-2973\" src=\"https:\/\/www.montendre.se\/wp-content\/uploads\/2017\/04\/IMG_5002-1-225x300.jpg\" alt=\"IMG_5002 (1)\" width=\"225\" height=\"300\" srcset=\"https:\/\/www.montendre.se\/wp-content\/uploads\/2017\/04\/IMG_5002-1-225x300.jpg 225w, https:\/\/www.montendre.se\/wp-content\/uploads\/2017\/04\/IMG_5002-1.jpg 480w\" sizes=\"(max-width: 225px) 100vw, 225px\" \/><\/a><\/p>\n<h3>Juni 2017<\/h3>\n<p>Kaklar duschv\u00e4ggens yttre sida och lite av kanten.<\/p>\n<p><a href=\"https:\/\/www.montendre.se\/wp-content\/uploads\/2016\/12\/IMG_5187.jpg\"><img loading=\"lazy\" decoding=\"async\" class=\"aligncenter size-medium wp-image-3078\" src=\"https:\/\/www.montendre.se\/wp-content\/uploads\/2016\/12\/IMG_5187-225x300.jpg\" alt=\"IMG_5187\" width=\"225\" height=\"300\" srcset=\"https:\/\/www.montendre.se\/wp-content\/uploads\/2016\/12\/IMG_5187-225x300.jpg 225w, https:\/\/www.montendre.se\/wp-content\/uploads\/2016\/12\/IMG_5187-768x1024.jpg 768w, https:\/\/www.montendre.se\/wp-content\/uploads\/2016\/12\/IMG_5187-700x933.jpg 700w, https:\/\/www.montendre.se\/wp-content\/uploads\/2016\/12\/IMG_5187.jpg 960w\" sizes=\"(max-width: 225px) 100vw, 225px\" \/><\/a><\/p>\n<h3>Juli 2017<\/h3>\n<p>Kaklar lite mer i duschutrymmet.<\/p>\n<p><a href=\"https:\/\/www.montendre.se\/wp-content\/uploads\/2017\/07\/IMG_5284.jpg\"><img loading=\"lazy\" decoding=\"async\" class=\"aligncenter size-medium wp-image-3100\" src=\"https:\/\/www.montendre.se\/wp-content\/uploads\/2017\/07\/IMG_5284-225x300.jpg\" alt=\"IMG_5284\" width=\"225\" height=\"300\" srcset=\"https:\/\/www.montendre.se\/wp-content\/uploads\/2017\/07\/IMG_5284-225x300.jpg 225w, https:\/\/www.montendre.se\/wp-content\/uploads\/2017\/07\/IMG_5284-768x1024.jpg 768w, https:\/\/www.montendre.se\/wp-content\/uploads\/2017\/07\/IMG_5284-700x933.jpg 700w, https:\/\/www.montendre.se\/wp-content\/uploads\/2017\/07\/IMG_5284.jpg 960w\" sizes=\"(max-width: 225px) 100vw, 225px\" \/><\/a><\/p>\n<h3>September 2017<\/h3>\n<p>Kaklar klart det som g\u00e5r innan innertaket \u00e4r p\u00e5 plats.<\/p>\n<p><a href=\"https:\/\/www.montendre.se\/wp-content\/uploads\/2017\/09\/IMG_5679.jpg\"><img loading=\"lazy\" decoding=\"async\" class=\"aligncenter size-medium wp-image-3222\" src=\"https:\/\/www.montendre.se\/wp-content\/uploads\/2017\/09\/IMG_5679-225x300.jpg\" alt=\"IMG_5679\" width=\"225\" height=\"300\" srcset=\"https:\/\/www.montendre.se\/wp-content\/uploads\/2017\/09\/IMG_5679-225x300.jpg 225w, https:\/\/www.montendre.se\/wp-content\/uploads\/2017\/09\/IMG_5679-768x1024.jpg 768w, https:\/\/www.montendre.se\/wp-content\/uploads\/2017\/09\/IMG_5679-700x933.jpg 700w, https:\/\/www.montendre.se\/wp-content\/uploads\/2017\/09\/IMG_5679.jpg 960w\" sizes=\"(max-width: 225px) 100vw, 225px\" \/><\/a>Fixar reglar f\u00f6r innertaket.<\/p>\n<p><a href=\"https:\/\/www.montendre.se\/wp-content\/uploads\/2017\/09\/IMG_5685.jpg\"><img loading=\"lazy\" decoding=\"async\" class=\"aligncenter size-medium wp-image-3228\" src=\"https:\/\/www.montendre.se\/wp-content\/uploads\/2017\/09\/IMG_5685-300x225.jpg\" alt=\"IMG_5685\" width=\"300\" height=\"225\" srcset=\"https:\/\/www.montendre.se\/wp-content\/uploads\/2017\/09\/IMG_5685-300x225.jpg 300w, https:\/\/www.montendre.se\/wp-content\/uploads\/2017\/09\/IMG_5685-1024x768.jpg 1024w, https:\/\/www.montendre.se\/wp-content\/uploads\/2017\/09\/IMG_5685-268x200.jpg 268w, https:\/\/www.montendre.se\/wp-content\/uploads\/2017\/09\/IMG_5685-700x525.jpg 700w, https:\/\/www.montendre.se\/wp-content\/uploads\/2017\/09\/IMG_5685.jpg 1280w\" sizes=\"(max-width: 300px) 100vw, 300px\" \/><\/a><\/p>\n<h3>November 2017<\/h3>\n<p>Elektrikern fixade el till belysning och fl\u00e4kt. Vi fixade innertaket. Gipsskiva, spackling och m\u00e5lning. P\u00e5b\u00f6rjade kakling av de \u00f6versta raderna som var beroende av att innertaket var p\u00e5 plats.<\/p>\n<h3><a href=\"https:\/\/www.montendre.se\/wp-content\/uploads\/2017\/11\/IMG_61371.jpg\"><img loading=\"lazy\" decoding=\"async\" class=\"aligncenter size-medium wp-image-3318\" src=\"https:\/\/www.montendre.se\/wp-content\/uploads\/2017\/11\/IMG_61371-225x300.jpg\" alt=\"IMG_6137\" width=\"225\" height=\"300\" srcset=\"https:\/\/www.montendre.se\/wp-content\/uploads\/2017\/11\/IMG_61371-225x300.jpg 225w, https:\/\/www.montendre.se\/wp-content\/uploads\/2017\/11\/IMG_61371-768x1024.jpg 768w, https:\/\/www.montendre.se\/wp-content\/uploads\/2017\/11\/IMG_61371-700x933.jpg 700w, https:\/\/www.montendre.se\/wp-content\/uploads\/2017\/11\/IMG_61371.jpg 960w\" sizes=\"(max-width: 225px) 100vw, 225px\" \/><\/a>Januari 2018<\/h3>\n<p>Kaklade klart n\u00e4rmast taket och b\u00f6rjade foga. Elektrikern kopplade in handdukstorken.<a href=\"https:\/\/www.montendre.se\/wp-content\/uploads\/2018\/01\/IMG_6586.jpg\"><img loading=\"lazy\" decoding=\"async\" class=\"aligncenter size-medium wp-image-3367\" src=\"https:\/\/www.montendre.se\/wp-content\/uploads\/2018\/01\/IMG_6586-225x300.jpg\" alt=\"IMG_6586\" width=\"225\" height=\"300\" srcset=\"https:\/\/www.montendre.se\/wp-content\/uploads\/2018\/01\/IMG_6586-225x300.jpg 225w, https:\/\/www.montendre.se\/wp-content\/uploads\/2018\/01\/IMG_6586-768x1024.jpg 768w, https:\/\/www.montendre.se\/wp-content\/uploads\/2018\/01\/IMG_6586-700x933.jpg 700w, https:\/\/www.montendre.se\/wp-content\/uploads\/2018\/01\/IMG_6586.jpg 960w\" sizes=\"(max-width: 225px) 100vw, 225px\" \/><\/a><\/p>\n<h3>Februari 2018<\/h3>\n<p>Kaklade sockeln framf\u00f6r duschkaret och satte dit duschst\u00e5ngen.<\/p>\n<h3><a href=\"https:\/\/www.montendre.se\/wp-content\/uploads\/2018\/11\/IMG_6813.jpg\"><img loading=\"lazy\" decoding=\"async\" class=\"aligncenter size-medium wp-image-3711\" src=\"https:\/\/www.montendre.se\/wp-content\/uploads\/2018\/11\/IMG_6813-225x300.jpg\" alt=\"\" width=\"225\" height=\"300\" srcset=\"https:\/\/www.montendre.se\/wp-content\/uploads\/2018\/11\/IMG_6813-225x300.jpg 225w, https:\/\/www.montendre.se\/wp-content\/uploads\/2018\/11\/IMG_6813-768x1024.jpg 768w, https:\/\/www.montendre.se\/wp-content\/uploads\/2018\/11\/IMG_6813-700x933.jpg 700w, https:\/\/www.montendre.se\/wp-content\/uploads\/2018\/11\/IMG_6813.jpg 960w\" sizes=\"(max-width: 225px) 100vw, 225px\" \/><\/a>Mars 2018<\/h3>\n<p>R\u00f6rmokaren kom och satte toaletten p\u00e5 plats.<a href=\"https:\/\/www.montendre.se\/wp-content\/uploads\/2018\/11\/IMG_6962.jpg\"><img loading=\"lazy\" decoding=\"async\" class=\"aligncenter size-medium wp-image-3712\" src=\"https:\/\/www.montendre.se\/wp-content\/uploads\/2018\/11\/IMG_6962-225x300.jpg\" alt=\"\" width=\"225\" height=\"300\" srcset=\"https:\/\/www.montendre.se\/wp-content\/uploads\/2018\/11\/IMG_6962-225x300.jpg 225w, https:\/\/www.montendre.se\/wp-content\/uploads\/2018\/11\/IMG_6962-768x1024.jpg 768w, https:\/\/www.montendre.se\/wp-content\/uploads\/2018\/11\/IMG_6962-700x933.jpg 700w, https:\/\/www.montendre.se\/wp-content\/uploads\/2018\/11\/IMG_6962.jpg 960w\" sizes=\"(max-width: 225px) 100vw, 225px\" \/><\/a><\/p>\n<p>M\u00e5lade v\u00e4ggarna och s\u00e5 satte vi dit handfatet.<\/p>\n<p><a href=\"https:\/\/www.montendre.se\/wp-content\/uploads\/2018\/11\/IMG_7018.jpg\"><img loading=\"lazy\" decoding=\"async\" class=\"aligncenter size-medium wp-image-3713\" src=\"https:\/\/www.montendre.se\/wp-content\/uploads\/2018\/11\/IMG_7018-300x225.jpg\" alt=\"\" width=\"300\" height=\"225\" srcset=\"https:\/\/www.montendre.se\/wp-content\/uploads\/2018\/11\/IMG_7018-300x225.jpg 300w, https:\/\/www.montendre.se\/wp-content\/uploads\/2018\/11\/IMG_7018-768x576.jpg 768w, https:\/\/www.montendre.se\/wp-content\/uploads\/2018\/11\/IMG_7018-1024x768.jpg 1024w, https:\/\/www.montendre.se\/wp-content\/uploads\/2018\/11\/IMG_7018-268x200.jpg 268w, https:\/\/www.montendre.se\/wp-content\/uploads\/2018\/11\/IMG_7018-700x525.jpg 700w, https:\/\/www.montendre.se\/wp-content\/uploads\/2018\/11\/IMG_7018.jpg 1280w\" sizes=\"(max-width: 300px) 100vw, 300px\" \/><\/a>30 mars 2018 inviger L duschen.<\/p>\n","protected":false},"excerpt":{"rendered":"<p>Juni 2014 I princip p\u00e5b\u00f6rjades badrumsrenoveringen redan juni 2014 med att Thomas och jag rev de gamla duschv\u00e4ggarna i badrummet. Augusti 2015 Sedan blev det en paus till augusti n\u00e4sta sommar d\u00e5 jag rev en annan v\u00e4gg och b\u00f6rjade ta bort gamla korkmattor osv. D\u00e5 tog vi \u00e4ven dit r\u00f6rmokaren &#8230;<\/p>\n","protected":false},"author":1,"featured_media":0,"parent":0,"menu_order":1000,"comment_status":"closed","ping_status":"closed","template":"","meta":{"jetpack_post_was_ever_published":false,"footnotes":""},"jetpack_sharing_enabled":true,"_links":{"self":[{"href":"https:\/\/www.montendre.se\/index.php?rest_route=\/wp\/v2\/pages\/2804"}],"collection":[{"href":"https:\/\/www.montendre.se\/index.php?rest_route=\/wp\/v2\/pages"}],"about":[{"href":"https:\/\/www.montendre.se\/index.php?rest_route=\/wp\/v2\/types\/page"}],"author":[{"embeddable":true,"href":"https:\/\/www.montendre.se\/index.php?rest_route=\/wp\/v2\/users\/1"}],"replies":[{"embeddable":true,"href":"https:\/\/www.montendre.se\/index.php?rest_route=%2Fwp%2Fv2%2Fcomments&post=2804"}],"version-history":[{"count":23,"href":"https:\/\/www.montendre.se\/index.php?rest_route=\/wp\/v2\/pages\/2804\/revisions"}],"predecessor-version":[{"id":5515,"href":"https:\/\/www.montendre.se\/index.php?rest_route=\/wp\/v2\/pages\/2804\/revisions\/5515"}],"wp:attachment":[{"href":"https:\/\/www.montendre.se\/index.php?rest_route=%2Fwp%2Fv2%2Fmedia&parent=2804"}],"curies":[{"name":"wp","href":"https:\/\/api.w.org\/{rel}","templated":true}]}}