{"id":103,"date":"2012-06-01T06:42:37","date_gmt":"2012-06-01T04:42:37","guid":{"rendered":"http:\/\/www.montendre.se\/?page_id=103"},"modified":"2021-05-05T12:45:32","modified_gmt":"2021-05-05T10:45:32","slug":"vader","status":"publish","type":"page","link":"https:\/\/www.montendre.se\/?page_id=103","title":{"rendered":"V\u00e4der"},"content":{"rendered":"<p><a href=\"http:\/\/lokalt.montendre.se\/index.html\">Aktuellt v\u00e4der<\/a>\u00a0(en Vantage Vue\u00a0v\u00e4derstation kopplad till en Raspberry Pi som publicerar datat med hj\u00e4lp av mjukvaran <a href=\"https:\/\/www.weewx.com\">weewx<\/a>).<\/p>\n<p>En tiodagars prognos finns p\u00e5 <a href=\"http:\/\/www.weather.com\/weather\/tenday\/FRXX0320\">weather.com<\/a><\/p>\n<p>Nedan \u00e4r ett diagram som visar temperatur-historik. Det \u00e4r medeltemperaturen p\u00e5 eftermiddagen som visas. Svarta linjen \u00e4r medeltemperatur \u00f6ver samtliga \u00e5r som v\u00e4derstationen varit ig\u00e5ng.<\/p>\n<ul>\n<li>I juli och augusti \u00e4r det ovanligt med medeltemperaturer under 20 grader.<\/li>\n<li>September och halva oktober kan man f\u00f6rv\u00e4nta sig medeltemperaturer \u00f6ver 15 grader.<\/li>\n<li>Fr\u00e5n mitten av\u00a0november till mitten av februari \u00e4r det st\u00f6rst risk f\u00f6r medeltemperaturer under 10 grader.<\/li>\n<\/ul>\n<p><a href=\"https:\/\/www.montendre.se\/wp-content\/uploads\/2012\/06\/medeltemp3.png\"><img loading=\"lazy\" decoding=\"async\" class=\"aligncenter size-full wp-image-2947\" src=\"https:\/\/www.montendre.se\/wp-content\/uploads\/2012\/06\/medeltemp3.png\" alt=\"medeltemp\" width=\"1085\" height=\"608\" srcset=\"https:\/\/www.montendre.se\/wp-content\/uploads\/2012\/06\/medeltemp3.png 1085w, https:\/\/www.montendre.se\/wp-content\/uploads\/2012\/06\/medeltemp3-300x168.png 300w, https:\/\/www.montendre.se\/wp-content\/uploads\/2012\/06\/medeltemp3-1024x573.png 1024w, https:\/\/www.montendre.se\/wp-content\/uploads\/2012\/06\/medeltemp3-700x392.png 700w\" sizes=\"(max-width: 1085px) 100vw, 1085px\" \/><br \/>\n<\/a><\/p>\n","protected":false},"excerpt":{"rendered":"<p>Aktuellt v\u00e4der\u00a0(en Vantage Vue\u00a0v\u00e4derstation kopplad till en Raspberry Pi som publicerar datat med hj\u00e4lp av mjukvaran weewx). En tiodagars prognos finns p\u00e5 weather.com Nedan \u00e4r ett diagram som visar temperatur-historik. Det \u00e4r medeltemperaturen p\u00e5 eftermiddagen som visas. Svarta linjen \u00e4r medeltemperatur \u00f6ver samtliga \u00e5r som v\u00e4derstationen varit ig\u00e5ng. I juli &#8230;<\/p>\n","protected":false},"author":1,"featured_media":0,"parent":0,"menu_order":900,"comment_status":"closed","ping_status":"closed","template":"","meta":{"jetpack_post_was_ever_published":false,"footnotes":""},"jetpack_sharing_enabled":true,"_links":{"self":[{"href":"https:\/\/www.montendre.se\/index.php?rest_route=\/wp\/v2\/pages\/103"}],"collection":[{"href":"https:\/\/www.montendre.se\/index.php?rest_route=\/wp\/v2\/pages"}],"about":[{"href":"https:\/\/www.montendre.se\/index.php?rest_route=\/wp\/v2\/types\/page"}],"author":[{"embeddable":true,"href":"https:\/\/www.montendre.se\/index.php?rest_route=\/wp\/v2\/users\/1"}],"replies":[{"embeddable":true,"href":"https:\/\/www.montendre.se\/index.php?rest_route=%2Fwp%2Fv2%2Fcomments&post=103"}],"version-history":[{"count":21,"href":"https:\/\/www.montendre.se\/index.php?rest_route=\/wp\/v2\/pages\/103\/revisions"}],"predecessor-version":[{"id":4513,"href":"https:\/\/www.montendre.se\/index.php?rest_route=\/wp\/v2\/pages\/103\/revisions\/4513"}],"wp:attachment":[{"href":"https:\/\/www.montendre.se\/index.php?rest_route=%2Fwp%2Fv2%2Fmedia&parent=103"}],"curies":[{"name":"wp","href":"https:\/\/api.w.org\/{rel}","templated":true}]}}